{"id":534,"date":"2023-10-29T07:33:00","date_gmt":"2023-10-29T07:33:00","guid":{"rendered":"https:\/\/www.danubium.sk\/?page_id=534"},"modified":"2023-10-29T07:43:34","modified_gmt":"2023-10-29T07:43:34","slug":"karva-a-kastelyok-faluja","status":"publish","type":"page","link":"https:\/\/www.danubium.sk\/index.php\/karva-a-kastelyok-faluja\/","title":{"rendered":"Karva &#8211; a kast\u00e9lyok faluja"},"content":{"rendered":"\t\t<div data-elementor-type=\"wp-page\" data-elementor-id=\"534\" class=\"elementor elementor-534\">\n\t\t\t\t\t\t\t\t\t<section class=\"elementor-section elementor-top-section elementor-element elementor-element-1babf5e elementor-section-boxed elementor-section-height-default elementor-section-height-default\" data-id=\"1babf5e\" data-element_type=\"section\">\n\t\t\t\t\t\t<div class=\"elementor-container elementor-column-gap-default\">\n\t\t\t\t\t<div class=\"elementor-column elementor-col-100 elementor-top-column elementor-element elementor-element-42dd118\" data-id=\"42dd118\" data-element_type=\"column\">\n\t\t\t<div class=\"elementor-widget-wrap elementor-element-populated\">\n\t\t\t\t\t\t\t\t<div class=\"elementor-element elementor-element-b68d7ef elementor-widget elementor-widget-heading\" data-id=\"b68d7ef\" data-element_type=\"widget\" data-widget_type=\"heading.default\">\n\t\t\t\t<div class=\"elementor-widget-container\">\n\t\t\t<style>\/*! elementor - v3.17.0 - 01-11-2023 *\/\n.elementor-heading-title{padding:0;margin:0;line-height:1}.elementor-widget-heading .elementor-heading-title[class*=elementor-size-]>a{color:inherit;font-size:inherit;line-height:inherit}.elementor-widget-heading .elementor-heading-title.elementor-size-small{font-size:15px}.elementor-widget-heading .elementor-heading-title.elementor-size-medium{font-size:19px}.elementor-widget-heading .elementor-heading-title.elementor-size-large{font-size:29px}.elementor-widget-heading .elementor-heading-title.elementor-size-xl{font-size:39px}.elementor-widget-heading .elementor-heading-title.elementor-size-xxl{font-size:59px}<\/style><h2 class=\"elementor-heading-title elementor-size-default\">Telep\u00fcl\u00e9st\u00f6rt\u00e9net, di\u00f3h\u00e9jban<\/h2>\t\t<\/div>\n\t\t\t\t<\/div>\n\t\t\t\t\t<\/div>\n\t\t<\/div>\n\t\t\t\t\t\t\t<\/div>\n\t\t<\/section>\n\t\t\t\t<section class=\"elementor-section elementor-top-section elementor-element elementor-element-8ccb61e elementor-section-boxed elementor-section-height-default elementor-section-height-default\" data-id=\"8ccb61e\" data-element_type=\"section\">\n\t\t\t\t\t\t<div class=\"elementor-container elementor-column-gap-default\">\n\t\t\t\t\t<div class=\"elementor-column elementor-col-33 elementor-top-column elementor-element elementor-element-35e0526\" data-id=\"35e0526\" data-element_type=\"column\">\n\t\t\t<div class=\"elementor-widget-wrap elementor-element-populated\">\n\t\t\t\t\t\t\t\t<div class=\"elementor-element elementor-element-aa6e111 elementor-widget elementor-widget-image\" data-id=\"aa6e111\" data-element_type=\"widget\" data-widget_type=\"image.default\">\n\t\t\t\t<div class=\"elementor-widget-container\">\n\t\t\t<style>\/*! elementor - v3.17.0 - 01-11-2023 *\/\n.elementor-widget-image{text-align:center}.elementor-widget-image a{display:inline-block}.elementor-widget-image a img[src$=\".svg\"]{width:48px}.elementor-widget-image img{vertical-align:middle;display:inline-block}<\/style>\t\t\t\t\t\t\t\t\t\t\t\t<img loading=\"lazy\" decoding=\"async\" width=\"872\" height=\"714\" src=\"https:\/\/www.danubium.sk\/wp-content\/uploads\/2023\/10\/Kunike-metszet.png\" class=\"attachment-large size-large wp-image-540\" alt=\"Karva egy 1800-as \u00e9vek els\u0151 fel\u00e9b\u0151l sz\u00e1rmaz\u00f3 metszeten (Kunike)\" srcset=\"https:\/\/www.danubium.sk\/wp-content\/uploads\/2023\/10\/Kunike-metszet.png 872w, https:\/\/www.danubium.sk\/wp-content\/uploads\/2023\/10\/Kunike-metszet-300x246.png 300w, https:\/\/www.danubium.sk\/wp-content\/uploads\/2023\/10\/Kunike-metszet-768x629.png 768w\" sizes=\"auto, (max-width: 872px) 100vw, 872px\" \/>\t\t\t\t\t\t\t\t\t\t\t\t\t\t\t<\/div>\n\t\t\t\t<\/div>\n\t\t\t\t\t<\/div>\n\t\t<\/div>\n\t\t\t\t<div class=\"elementor-column elementor-col-66 elementor-top-column elementor-element elementor-element-321940e\" data-id=\"321940e\" data-element_type=\"column\">\n\t\t\t<div class=\"elementor-widget-wrap elementor-element-populated\">\n\t\t\t\t\t\t\t\t<div class=\"elementor-element elementor-element-821f4e1 elementor-widget elementor-widget-text-editor\" data-id=\"821f4e1\" data-element_type=\"widget\" data-widget_type=\"text-editor.default\">\n\t\t\t\t<div class=\"elementor-widget-container\">\n\t\t\t<style>\/*! elementor - v3.17.0 - 01-11-2023 *\/\n.elementor-widget-text-editor.elementor-drop-cap-view-stacked .elementor-drop-cap{background-color:#69727d;color:#fff}.elementor-widget-text-editor.elementor-drop-cap-view-framed .elementor-drop-cap{color:#69727d;border:3px solid;background-color:transparent}.elementor-widget-text-editor:not(.elementor-drop-cap-view-default) .elementor-drop-cap{margin-top:8px}.elementor-widget-text-editor:not(.elementor-drop-cap-view-default) .elementor-drop-cap-letter{width:1em;height:1em}.elementor-widget-text-editor .elementor-drop-cap{float:left;text-align:center;line-height:1;font-size:50px}.elementor-widget-text-editor .elementor-drop-cap-letter{display:inline-block}<\/style>\t\t\t\t<p>Karva m\u00e1r a neolitikum idej\u00e9n is lakott telep\u00fcl\u00e9s volt. A r\u00f3mai korban a Limes vonal\u00e1hoz kapcsol\u00f3dva \u00e1tkel\u0151hely lehetett itt a Dun\u00e1n, amelynek nyomai a 19. sz\u00e1zad elej\u00e9n m\u00e9g el\u00e9rhet\u0151ek voltak II. R\u00e1k\u00f3czi Ferenc eml\u00e9kiratai szerint.\u00a0<\/p><p>A k\u00f6z\u00e9pkori Karva els\u0151k\u00e9nt 1245-ben ker\u00fcl eml\u00edt\u00e9sre, amikor K\u00f6b\u00f6lk\u00fati P\u00e9ter eladja Mikl\u00f3s mester kir\u00e1lyi k\u00fcld\u00f6ncnek. K\u00e9s\u0151bb csal\u00e1di telekvit\u00e1k k\u00f6zpontj\u00e1v\u00e1 v\u00e1lt a ter\u00fclet. 1303-ban Karvai Mikl\u00f3s birtoka, akinek fiai p\u00e9nzhamis\u00edt\u00e1s v\u00e1dj\u00e1ba ker\u00fcltek \u00e9s elkobozt\u00e1k a vagyonukat. 1352-ben Karvai Zov\u00e1rd lesz\u00e1rmazottjai birtokolt\u00e1k a telep\u00fcl\u00e9st, illetve ugyanekkort\u00f3l a L\u00e1bathlan csal\u00e1dnak voltak itt birtokai &#8211; a csal\u00e1d s\u00edreml\u00e9k\u00e9t ma is megcsod\u00e1lhatjuk a karvai templomban. K\u00e9s\u0151bb a Kapy csal\u00e1d birtoka lett.\u00a0<\/p>\t\t\t\t\t\t<\/div>\n\t\t\t\t<\/div>\n\t\t\t\t\t<\/div>\n\t\t<\/div>\n\t\t\t\t\t\t\t<\/div>\n\t\t<\/section>\n\t\t\t\t<section class=\"elementor-section elementor-top-section elementor-element elementor-element-8c5ec5c elementor-section-boxed elementor-section-height-default elementor-section-height-default\" data-id=\"8c5ec5c\" data-element_type=\"section\">\n\t\t\t\t\t\t<div class=\"elementor-container elementor-column-gap-default\">\n\t\t\t\t\t<div class=\"elementor-column elementor-col-66 elementor-top-column elementor-element elementor-element-7fc6f89\" data-id=\"7fc6f89\" data-element_type=\"column\">\n\t\t\t<div class=\"elementor-widget-wrap elementor-element-populated\">\n\t\t\t\t\t\t\t\t<div class=\"elementor-element elementor-element-a098673 elementor-widget elementor-widget-text-editor\" data-id=\"a098673\" data-element_type=\"widget\" data-widget_type=\"text-editor.default\">\n\t\t\t\t<div class=\"elementor-widget-container\">\n\t\t\t\t\t\t\t<p>T\u00f6bb tulajdonosv\u00e1lt\u00e1st k\u00f6vet\u0151en a moh\u00e1csi v\u00e9sz ut\u00e1n Karva elpusztult, az 1550-es \u00e9vekben telep\u00edtett\u00e9k be \u00fajra. 1551-t\u0151l a Ny\u00e1ry csal\u00e1d birtoka volt.\u00a0<\/p><p>1664-ben egy t\u00f6r\u00f6k \u00f6ssze\u00edr\u00e1s \u00f6sszesen 20 ad\u00f3fizet\u0151 h\u00e1ztart\u00e1st \u00e9s 34 ad\u00f3fizet\u0151 szem\u00e9lyt eml\u00edt.\u00a0<\/p><p>Az 1600-as \u00e9vek v\u00e9g\u00e9n Karva a Husz\u00e1r csal\u00e1d birtoka volt. A k\u00e9t Husz\u00e1r l\u00e1ny k\u00e9t Nedeczkyhez ment hozz\u00e1, \u00edgy v\u00e1lt Karva a Nedeczkyek birtok\u00e1v\u00e1.\u00a0<\/p><p>A R\u00e1k\u00f3czi-szabads\u00e1gharc idej\u00e9n Vak Botty\u00e1n er\u0151s s\u00e1ncot \u00e9p\u00edttetett itt \u00e9s Karva a t\u00f6rt\u00e9nelem f\u0151sodr\u00e1ba ker\u00fclt, azonban a f\u00f6ldes\u00fari birtok le\u00e9gett.\u00a0<\/p>\t\t\t\t\t\t<\/div>\n\t\t\t\t<\/div>\n\t\t\t\t\t<\/div>\n\t\t<\/div>\n\t\t\t\t<div class=\"elementor-column elementor-col-33 elementor-top-column elementor-element elementor-element-64b3af6\" data-id=\"64b3af6\" data-element_type=\"column\">\n\t\t\t<div class=\"elementor-widget-wrap elementor-element-populated\">\n\t\t\t\t\t\t\t\t<div class=\"elementor-element elementor-element-c718175 elementor-widget elementor-widget-image\" data-id=\"c718175\" data-element_type=\"widget\" data-widget_type=\"image.default\">\n\t\t\t\t<div class=\"elementor-widget-container\">\n\t\t\t\t\t\t\t\t\t\t\t\t\t\t\t<img loading=\"lazy\" decoding=\"async\" width=\"1024\" height=\"645\" src=\"https:\/\/www.danubium.sk\/wp-content\/uploads\/2023\/10\/Kepernyofoto-2021-03-14-16.06.56-1024x645.png\" class=\"attachment-large size-large wp-image-546\" alt=\"Karva, k\u00e9peslap a 20. sz\u00e1zad elej\u00e9r\u0151l\" srcset=\"https:\/\/www.danubium.sk\/wp-content\/uploads\/2023\/10\/Kepernyofoto-2021-03-14-16.06.56-1024x645.png 1024w, https:\/\/www.danubium.sk\/wp-content\/uploads\/2023\/10\/Kepernyofoto-2021-03-14-16.06.56-300x189.png 300w, https:\/\/www.danubium.sk\/wp-content\/uploads\/2023\/10\/Kepernyofoto-2021-03-14-16.06.56-768x484.png 768w, https:\/\/www.danubium.sk\/wp-content\/uploads\/2023\/10\/Kepernyofoto-2021-03-14-16.06.56-1536x968.png 1536w, https:\/\/www.danubium.sk\/wp-content\/uploads\/2023\/10\/Kepernyofoto-2021-03-14-16.06.56-2048x1290.png 2048w\" sizes=\"auto, (max-width: 1024px) 100vw, 1024px\" \/>\t\t\t\t\t\t\t\t\t\t\t\t\t\t\t<\/div>\n\t\t\t\t<\/div>\n\t\t\t\t\t<\/div>\n\t\t<\/div>\n\t\t\t\t\t\t\t<\/div>\n\t\t<\/section>\n\t\t\t\t<section class=\"elementor-section elementor-top-section elementor-element elementor-element-a37cb2c elementor-section-boxed elementor-section-height-default elementor-section-height-default\" data-id=\"a37cb2c\" data-element_type=\"section\">\n\t\t\t\t\t\t<div class=\"elementor-container elementor-column-gap-default\">\n\t\t\t\t\t<div class=\"elementor-column elementor-col-100 elementor-top-column elementor-element elementor-element-aa69737\" data-id=\"aa69737\" data-element_type=\"column\">\n\t\t\t<div class=\"elementor-widget-wrap elementor-element-populated\">\n\t\t\t\t\t\t\t\t<div class=\"elementor-element elementor-element-c1a0229 elementor-widget elementor-widget-text-editor\" data-id=\"c1a0229\" data-element_type=\"widget\" data-widget_type=\"text-editor.default\">\n\t\t\t\t<div class=\"elementor-widget-container\">\n\t\t\t\t\t\t\t<p>A szabads\u00e1gharc buk\u00e1sa ut\u00e1n Gyulay Ferenc \u00e9p\u00edttette \u00fajj\u00e1 Karv\u00e1t, a sz\u00e1zad folyam\u00e1n pedig t\u00f6bb nemesi csal\u00e1dnak is voltak itt birtokai. A 18-19. sz\u00e1zad fordul\u00f3j\u00e1n itt \u00e9lt a h\u00edres mec\u00e9n\u00e1s, Kond\u00e9 J\u00f3zsef Benedek, 1849 ut\u00e1n pedig itt h\u00faz\u00f3dott meg Palkovics K\u00e1roly, aki k\u00e9s\u0151bb orsz\u00e1ggy\u0171l\u00e9si k\u00e9pvisel\u0151k\u00e9nt t\u00e9rt vissza a politik\u00e1ba.\u00a0<\/p><p>A 19. sz\u00e1zad m\u00e1sodik fel\u00e9t\u0151l Karva egyre vonz\u00f3bb \u00fcd\u00fcl\u0151faluv\u00e1 v\u00e1lt a Duna ment\u00e9n, nemesek \u00e9s gazdag gy\u00e1rosok \u00e9p\u00edtettek itt k\u00far\u00e1kat, kast\u00e9lyokat, \u00edgy v\u00e1lt Karva a kast\u00e9lyok faluj\u00e1v\u00e1. Ma Karv\u00e1n halad kereszt\u00fcl az EUROVELO6 kr\u00e9kp\u00e1r\u00fat, kompj\u00e1rat k\u00f6ti \u00f6ssze a Duna t\u00faloldal\u00e1val. Kil\u00e1t\u00f3ja \u00e9s l\u00e1togat\u00f3k\u00f6zpontja mellett \u00e9rdemes megn\u00e9zni \u00c1rp\u00e1d-kori templom\u00e1t, valamint a Dunakorz\u00f3t, amely kiv\u00e1l\u00f3 rendezv\u00e9nyeknek ad otthont.\u00a0<\/p>\t\t\t\t\t\t<\/div>\n\t\t\t\t<\/div>\n\t\t\t\t\t<\/div>\n\t\t<\/div>\n\t\t\t\t\t\t\t<\/div>\n\t\t<\/section>\n\t\t\t\t<section class=\"elementor-section elementor-top-section elementor-element elementor-element-5e410ed elementor-section-boxed elementor-section-height-default elementor-section-height-default\" data-id=\"5e410ed\" data-element_type=\"section\">\n\t\t\t\t\t\t<div class=\"elementor-container elementor-column-gap-default\">\n\t\t\t\t\t<div class=\"elementor-column elementor-col-100 elementor-top-column elementor-element elementor-element-961114e\" data-id=\"961114e\" data-element_type=\"column\">\n\t\t\t<div class=\"elementor-widget-wrap elementor-element-populated\">\n\t\t\t\t\t\t\t\t<div class=\"elementor-element elementor-element-1689c4c elementor-widget elementor-widget-heading\" data-id=\"1689c4c\" data-element_type=\"widget\" data-widget_type=\"heading.default\">\n\t\t\t\t<div class=\"elementor-widget-container\">\n\t\t\t<h2 class=\"elementor-heading-title elementor-size-default\">L\u00e1tnival\u00f3k<\/h2>\t\t<\/div>\n\t\t\t\t<\/div>\n\t\t\t\t\t<\/div>\n\t\t<\/div>\n\t\t\t\t\t\t\t<\/div>\n\t\t<\/section>\n\t\t\t\t<section class=\"elementor-section elementor-top-section elementor-element elementor-element-b3bfb8c elementor-section-boxed elementor-section-height-default elementor-section-height-default\" data-id=\"b3bfb8c\" data-element_type=\"section\">\n\t\t\t\t\t\t<div class=\"elementor-container elementor-column-gap-default\">\n\t\t\t\t\t<div class=\"elementor-column elementor-col-50 elementor-top-column elementor-element elementor-element-c1e42cc\" data-id=\"c1e42cc\" data-element_type=\"column\">\n\t\t\t<div class=\"elementor-widget-wrap elementor-element-populated\">\n\t\t\t\t\t\t\t\t<div class=\"elementor-element elementor-element-cad833e elementor-widget elementor-widget-text-editor\" data-id=\"cad833e\" data-element_type=\"widget\" data-widget_type=\"text-editor.default\">\n\t\t\t\t<div class=\"elementor-widget-container\">\n\t\t\t\t\t\t\t<p><strong>R\u00f3mai katolikus templom<\/strong><\/p><p>Karva r\u00f3mai katolikus temploma 1232 k\u00f6r\u00fcl \u00e9p\u00fclt. 1400-b\u0151l sz\u00e1rmazik a L\u00e1bathlan csal\u00e1d s\u00edreml\u00e9ke, amely ma is a templomot d\u00edsz\u00edti. A t\u00f6r\u00f6k kor ut\u00e1n Gyulay Ferenc \u00faj\u00edttatta fel 1712-ben, legut\u00f3bbi fe\u00e9l\u00faj\u00edt\u00e1sa 1936-ban t\u00f6rt\u00e9nt, a barokk kori jelleg\u00e9t meger\u0151s\u00edtve. A templomnak eredetileg tornya is volt, amelyet az 1712-es fel\u00faj\u00edt\u00e1skor t\u00e1vol\u00edtottak el. Ma a mellette l\u00e9v\u0151 harangl\u00e1b Karva egyik ikonikus \u00e9p\u00fclete.\u00a0<\/p>\t\t\t\t\t\t<\/div>\n\t\t\t\t<\/div>\n\t\t\t\t\t<\/div>\n\t\t<\/div>\n\t\t\t\t<div class=\"elementor-column elementor-col-50 elementor-top-column elementor-element elementor-element-6579b64\" data-id=\"6579b64\" data-element_type=\"column\">\n\t\t\t<div class=\"elementor-widget-wrap elementor-element-populated\">\n\t\t\t\t\t\t\t\t<div class=\"elementor-element elementor-element-b216256 elementor-widget elementor-widget-image\" data-id=\"b216256\" data-element_type=\"widget\" data-widget_type=\"image.default\">\n\t\t\t\t<div class=\"elementor-widget-container\">\n\t\t\t\t\t\t\t\t\t\t\t\t\t\t\t<img loading=\"lazy\" decoding=\"async\" width=\"1024\" height=\"768\" src=\"https:\/\/www.danubium.sk\/wp-content\/uploads\/2023\/10\/20210909_173833-1024x768.jpg\" class=\"attachment-large size-large wp-image-537\" alt=\"Karva, r\u00f3mai katolikus templom\" srcset=\"https:\/\/www.danubium.sk\/wp-content\/uploads\/2023\/10\/20210909_173833-1024x768.jpg 1024w, https:\/\/www.danubium.sk\/wp-content\/uploads\/2023\/10\/20210909_173833-300x225.jpg 300w, https:\/\/www.danubium.sk\/wp-content\/uploads\/2023\/10\/20210909_173833-768x576.jpg 768w, https:\/\/www.danubium.sk\/wp-content\/uploads\/2023\/10\/20210909_173833-1536x1152.jpg 1536w, https:\/\/www.danubium.sk\/wp-content\/uploads\/2023\/10\/20210909_173833-2048x1536.jpg 2048w, https:\/\/www.danubium.sk\/wp-content\/uploads\/2023\/10\/20210909_173833-160x120.jpg 160w\" sizes=\"auto, (max-width: 1024px) 100vw, 1024px\" \/>\t\t\t\t\t\t\t\t\t\t\t\t\t\t\t<\/div>\n\t\t\t\t<\/div>\n\t\t\t\t\t<\/div>\n\t\t<\/div>\n\t\t\t\t\t\t\t<\/div>\n\t\t<\/section>\n\t\t\t\t<section class=\"elementor-section elementor-top-section elementor-element elementor-element-95fdef6 elementor-section-boxed elementor-section-height-default elementor-section-height-default\" data-id=\"95fdef6\" data-element_type=\"section\">\n\t\t\t\t\t\t<div class=\"elementor-container elementor-column-gap-default\">\n\t\t\t\t\t<div class=\"elementor-column elementor-col-50 elementor-top-column elementor-element elementor-element-b94f997\" data-id=\"b94f997\" data-element_type=\"column\">\n\t\t\t<div class=\"elementor-widget-wrap elementor-element-populated\">\n\t\t\t\t\t\t\t\t<div class=\"elementor-element elementor-element-8e10a48 elementor-widget elementor-widget-image\" data-id=\"8e10a48\" data-element_type=\"widget\" data-widget_type=\"image.default\">\n\t\t\t\t<div class=\"elementor-widget-container\">\n\t\t\t\t\t\t\t\t\t\t\t\t\t\t\t<img loading=\"lazy\" decoding=\"async\" width=\"1024\" height=\"768\" src=\"https:\/\/www.danubium.sk\/wp-content\/uploads\/2023\/10\/20230621_143627-1024x768.jpg\" class=\"attachment-large size-large wp-image-538\" alt=\"Karva, kil\u00e1t\u00f3\" srcset=\"https:\/\/www.danubium.sk\/wp-content\/uploads\/2023\/10\/20230621_143627-1024x768.jpg 1024w, https:\/\/www.danubium.sk\/wp-content\/uploads\/2023\/10\/20230621_143627-300x225.jpg 300w, https:\/\/www.danubium.sk\/wp-content\/uploads\/2023\/10\/20230621_143627-768x576.jpg 768w, https:\/\/www.danubium.sk\/wp-content\/uploads\/2023\/10\/20230621_143627-1536x1152.jpg 1536w, https:\/\/www.danubium.sk\/wp-content\/uploads\/2023\/10\/20230621_143627-2048x1536.jpg 2048w, https:\/\/www.danubium.sk\/wp-content\/uploads\/2023\/10\/20230621_143627-160x120.jpg 160w\" sizes=\"auto, (max-width: 1024px) 100vw, 1024px\" \/>\t\t\t\t\t\t\t\t\t\t\t\t\t\t\t<\/div>\n\t\t\t\t<\/div>\n\t\t\t\t\t<\/div>\n\t\t<\/div>\n\t\t\t\t<div class=\"elementor-column elementor-col-50 elementor-top-column elementor-element elementor-element-8e46526\" data-id=\"8e46526\" data-element_type=\"column\">\n\t\t\t<div class=\"elementor-widget-wrap elementor-element-populated\">\n\t\t\t\t\t\t\t\t<div class=\"elementor-element elementor-element-30461db elementor-widget elementor-widget-text-editor\" data-id=\"30461db\" data-element_type=\"widget\" data-widget_type=\"text-editor.default\">\n\t\t\t\t<div class=\"elementor-widget-container\">\n\t\t\t\t\t\t\t<p><strong>Kil\u00e1t\u00f3<\/strong><\/p><p>A 37 m\u00e9ter magas kil\u00e1t\u00f3 Smidt Tam\u00e1s sz\u0151gy\u00e9ni \u00e9p\u00edt\u00e9sz tervei alapj\u00e1n k\u00e9sz\u00fclt. A kil\u00e1t\u00f3b\u00f3l fantasztikus l\u00e1tv\u00e1ny ter\u00fcl el el\u0151tt\u00fcnk, a Duna szemben l\u00e9t\u0151 telep\u00fcl\u00e9sei, maga a foly\u00f3 \u00e9s Karva \u00e9s k\u00f6rny\u00e9ke p\u00e1ratlan l\u00e1tv\u00e1nyt biztos\u00edt.\u00a0<\/p><p>A kil\u00e1t\u00f3 ingyenesen l\u00e1togathat\u00f3.\u00a0<\/p>\t\t\t\t\t\t<\/div>\n\t\t\t\t<\/div>\n\t\t\t\t\t<\/div>\n\t\t<\/div>\n\t\t\t\t\t\t\t<\/div>\n\t\t<\/section>\n\t\t\t\t<section class=\"elementor-section elementor-top-section elementor-element elementor-element-069b781 elementor-section-boxed elementor-section-height-default elementor-section-height-default\" data-id=\"069b781\" data-element_type=\"section\">\n\t\t\t\t\t\t<div class=\"elementor-container elementor-column-gap-default\">\n\t\t\t\t\t<div class=\"elementor-column elementor-col-50 elementor-top-column elementor-element elementor-element-d8d741f\" data-id=\"d8d741f\" data-element_type=\"column\">\n\t\t\t<div class=\"elementor-widget-wrap elementor-element-populated\">\n\t\t\t\t\t\t\t\t<div class=\"elementor-element elementor-element-91edc6b elementor-widget elementor-widget-text-editor\" data-id=\"91edc6b\" data-element_type=\"widget\" data-widget_type=\"text-editor.default\">\n\t\t\t\t<div class=\"elementor-widget-container\">\n\t\t\t\t\t\t\t<p><strong>Nepomuki Szent J\u00e1nos szobra<\/strong><\/p><p>\u00a0<\/p><p>1843-ban emelt\u00e9k, 1902-ben fel\u00faj\u00edtott\u00e1k. M\u00e1rv\u00e1ny oszlopon \u00e1ll a Dunakorz\u00f3 bej\u00e1rat\u00e1n\u00e1l, a kil\u00e1t\u00f3 mellett.\u00a0<\/p>\t\t\t\t\t\t<\/div>\n\t\t\t\t<\/div>\n\t\t\t\t\t<\/div>\n\t\t<\/div>\n\t\t\t\t<div class=\"elementor-column elementor-col-50 elementor-top-column elementor-element elementor-element-53427a3\" data-id=\"53427a3\" data-element_type=\"column\">\n\t\t\t<div class=\"elementor-widget-wrap elementor-element-populated\">\n\t\t\t\t\t\t\t\t<div class=\"elementor-element elementor-element-63ce49a elementor-widget elementor-widget-image\" data-id=\"63ce49a\" data-element_type=\"widget\" data-widget_type=\"image.default\">\n\t\t\t\t<div class=\"elementor-widget-container\">\n\t\t\t\t\t\t\t\t\t\t\t\t\t\t\t<img loading=\"lazy\" decoding=\"async\" width=\"1024\" height=\"768\" src=\"https:\/\/www.danubium.sk\/wp-content\/uploads\/2023\/10\/20230621_130333-1-1024x768.jpg\" class=\"attachment-large size-large wp-image-539\" alt=\"Nepomuki Szent J\u00e1nos szobra, Karva\" srcset=\"https:\/\/www.danubium.sk\/wp-content\/uploads\/2023\/10\/20230621_130333-1-1024x768.jpg 1024w, https:\/\/www.danubium.sk\/wp-content\/uploads\/2023\/10\/20230621_130333-1-300x225.jpg 300w, https:\/\/www.danubium.sk\/wp-content\/uploads\/2023\/10\/20230621_130333-1-768x576.jpg 768w, https:\/\/www.danubium.sk\/wp-content\/uploads\/2023\/10\/20230621_130333-1-1536x1152.jpg 1536w, https:\/\/www.danubium.sk\/wp-content\/uploads\/2023\/10\/20230621_130333-1-2048x1536.jpg 2048w, https:\/\/www.danubium.sk\/wp-content\/uploads\/2023\/10\/20230621_130333-1-160x120.jpg 160w\" sizes=\"auto, (max-width: 1024px) 100vw, 1024px\" \/>\t\t\t\t\t\t\t\t\t\t\t\t\t\t\t<\/div>\n\t\t\t\t<\/div>\n\t\t\t\t\t<\/div>\n\t\t<\/div>\n\t\t\t\t\t\t\t<\/div>\n\t\t<\/section>\n\t\t\t\t\t\t\t<\/div>\n\t\t","protected":false},"excerpt":{"rendered":"<p>Telep\u00fcl\u00e9st\u00f6rt\u00e9net, di\u00f3h\u00e9jban Karva m\u00e1r a neolitikum idej\u00e9n is lakott telep\u00fcl\u00e9s volt. A r\u00f3mai korban a Limes vonal\u00e1hoz kapcsol\u00f3dva \u00e1tkel\u0151hely lehetett itt a Dun\u00e1n, amelynek nyomai a 19. sz\u00e1zad elej\u00e9n m\u00e9g el\u00e9rhet\u0151ek voltak II. R\u00e1k\u00f3czi Ferenc eml\u00e9kiratai szerint.\u00a0 A k\u00f6z\u00e9pkori Karva els\u0151k\u00e9nt 1245-ben ker\u00fcl eml\u00edt\u00e9sre, amikor K\u00f6b\u00f6lk\u00fati P\u00e9ter eladja Mikl\u00f3s mester kir\u00e1lyi k\u00fcld\u00f6ncnek. K\u00e9s\u0151bb csal\u00e1di telekvit\u00e1k&hellip;<\/p>\n","protected":false},"author":4,"featured_media":0,"parent":0,"menu_order":0,"comment_status":"closed","ping_status":"closed","template":"","meta":{"footnotes":""},"class_list":["post-534","page","type-page","status-publish","hentry"],"_links":{"self":[{"href":"https:\/\/www.danubium.sk\/index.php\/wp-json\/wp\/v2\/pages\/534","targetHints":{"allow":["GET"]}}],"collection":[{"href":"https:\/\/www.danubium.sk\/index.php\/wp-json\/wp\/v2\/pages"}],"about":[{"href":"https:\/\/www.danubium.sk\/index.php\/wp-json\/wp\/v2\/types\/page"}],"author":[{"embeddable":true,"href":"https:\/\/www.danubium.sk\/index.php\/wp-json\/wp\/v2\/users\/4"}],"replies":[{"embeddable":true,"href":"https:\/\/www.danubium.sk\/index.php\/wp-json\/wp\/v2\/comments?post=534"}],"version-history":[{"count":8,"href":"https:\/\/www.danubium.sk\/index.php\/wp-json\/wp\/v2\/pages\/534\/revisions"}],"predecessor-version":[{"id":549,"href":"https:\/\/www.danubium.sk\/index.php\/wp-json\/wp\/v2\/pages\/534\/revisions\/549"}],"wp:attachment":[{"href":"https:\/\/www.danubium.sk\/index.php\/wp-json\/wp\/v2\/media?parent=534"}],"curies":[{"name":"wp","href":"https:\/\/api.w.org\/{rel}","templated":true}]}}